{"id":70,"date":"2019-11-01T20:45:28","date_gmt":"2019-11-01T19:45:28","guid":{"rendered":"http:\/\/stadt-adventskalender.de\/rixdorf\/?page_id=70"},"modified":"2019-12-12T22:50:17","modified_gmt":"2019-12-12T21:50:17","slug":"das-boehmische-dorf","status":"publish","type":"page","link":"https:\/\/stadt-adventskalender.de\/rixdorf\/cs\/das-boehmische-dorf\/","title":{"rendered":"O Rixdorfu"},"content":{"rendered":"<p><img loading=\"lazy\" decoding=\"async\" class=\"alignnone wp-image-64 size-full\" src=\"https:\/\/stadt-adventskalender.de\/rixdorf\/wp-content\/uploads\/sites\/14\/2019\/09\/AK-rixdorf-1000px-schatten-1.png\" alt=\"\" width=\"1000\" height=\"500\" srcset=\"https:\/\/stadt-adventskalender.de\/rixdorf\/wp-content\/uploads\/sites\/14\/2019\/09\/AK-rixdorf-1000px-schatten-1.png 1000w, https:\/\/stadt-adventskalender.de\/rixdorf\/wp-content\/uploads\/sites\/14\/2019\/09\/AK-rixdorf-1000px-schatten-1-300x150.png 300w, https:\/\/stadt-adventskalender.de\/rixdorf\/wp-content\/uploads\/sites\/14\/2019\/09\/AK-rixdorf-1000px-schatten-1-768x384.png 768w\" sizes=\"auto, (max-width: 1000px) 100vw, 1000px\" \/><\/p>\n<p>Nedaleko velkom\u011bstsk\u00e9 ulice Karl-Marx-Stra\u00dfe uprost\u0159ed Berl\u00edna naraz\u00ed udiven\u00fd n\u00e1v\u0161t\u011bvn\u00edk na star\u00fd Rixdorf, kter\u00fd je seskupen\u00fd kolem b\u00fdval\u00e9 n\u00e1vsi se st\u00e1le je\u0161t\u011b funguj\u00edc\u00ed kov\u00e1rnou. Jen o n\u011bkolik metr\u016f d\u00e1l za\u010d\u00edn\u00e1 \u010cesk\u00e1 ves, kter\u00e1 byla zalo\u017een\u00e1 v roce 1737 kr\u00e1lem Fridrichem Vil\u00e9mem I. pro \u010desk\u00e9 n\u00e1bo\u017eensk\u00e9 uprchl\u00edky. Star\u00e1 bratrsk\u00e1 c\u00edrkev, ke kter\u00e9 se hl\u00e1sili, je nejstar\u0161\u00ed protestantskou c\u00edrkv\u00ed na sv\u011bt\u011b. Po t\u0159icetilet\u00e9 v\u00e1lce Habsburkov\u00e9 rekatolizovali \u010cechy. \u010ceskobratrsk\u00e1 c\u00edrkev tak od t\u00e9 doby existovala pouze v ilegalit\u011b.<br \/>\nTeprve se zalo\u017een\u00edm Ochranova v Lu\u017eici v roce 1722 mohlo doj\u00edt k o\u017eiven\u00ed bratrsk\u00e9 c\u00edrkve.<br \/>\nNa znamen\u00ed d\u00edk\u016f za p\u0159ijet\u00ed z\u0159\u00eddili \u010ce\u0161i kr\u00e1li pomn\u00edk v rixdorfsk\u00e9 uli\u010dce Kirchgasse.<\/p>\n","protected":false},"excerpt":{"rendered":"<p>Nedaleko velkom\u011bstsk\u00e9 ulice Karl-Marx-Stra\u00dfe uprost\u0159ed Berl\u00edna naraz\u00ed udiven\u00fd n\u00e1v\u0161t\u011bvn\u00edk na star\u00fd Rixdorf, kter\u00fd je seskupen\u00fd kolem b\u00fdval\u00e9 n\u00e1vsi se st\u00e1le je\u0161t\u011b funguj\u00edc\u00ed kov\u00e1rnou. Jen o n\u011bkolik metr\u016f d\u00e1l za\u010d\u00edn\u00e1 \u010cesk\u00e1 ves, kter\u00e1 byla zalo\u017een\u00e1 v roce 1737 kr\u00e1lem Fridrichem Vil\u00e9mem I. pro \u010desk\u00e9 n\u00e1bo\u017eensk\u00e9 uprchl\u00edky. Star\u00e1 bratrsk\u00e1 c\u00edrkev, ke kter\u00e9 se hl\u00e1sili, je nejstar\u0161\u00ed protestantskou &hellip; <a href=\"https:\/\/stadt-adventskalender.de\/rixdorf\/cs\/das-boehmische-dorf\/\" class=\"more-link\"><span class=\"screen-reader-text\">O Rixdorfu<\/span> weiterlesen<\/a><\/p>\n","protected":false},"author":1,"featured_media":0,"parent":0,"menu_order":0,"comment_status":"closed","ping_status":"closed","template":"","meta":{"footnotes":""},"class_list":["post-70","page","type-page","status-publish","hentry"],"translation":{"provider":"WPGlobus","version":"3.0.0","language":"cs","enabled_languages":["de","en","cs"],"languages":{"de":{"title":true,"content":true,"excerpt":false},"en":{"title":true,"content":true,"excerpt":false},"cs":{"title":true,"content":true,"excerpt":false}}},"publishpress_future_action":{"enabled":false,"date":"2026-05-08 18:07:27","action":"change-status","newStatus":"draft","terms":[],"taxonomy":"","extraData":[]},"publishpress_future_workflow_manual_trigger":{"enabledWorkflows":[]},"_links":{"self":[{"href":"https:\/\/stadt-adventskalender.de\/rixdorf\/cs\/wp-json\/wp\/v2\/pages\/70","targetHints":{"allow":["GET"]}}],"collection":[{"href":"https:\/\/stadt-adventskalender.de\/rixdorf\/cs\/wp-json\/wp\/v2\/pages"}],"about":[{"href":"https:\/\/stadt-adventskalender.de\/rixdorf\/cs\/wp-json\/wp\/v2\/types\/page"}],"author":[{"embeddable":true,"href":"https:\/\/stadt-adventskalender.de\/rixdorf\/cs\/wp-json\/wp\/v2\/users\/1"}],"replies":[{"embeddable":true,"href":"https:\/\/stadt-adventskalender.de\/rixdorf\/cs\/wp-json\/wp\/v2\/comments?post=70"}],"version-history":[{"count":5,"href":"https:\/\/stadt-adventskalender.de\/rixdorf\/cs\/wp-json\/wp\/v2\/pages\/70\/revisions"}],"predecessor-version":[{"id":187,"href":"https:\/\/stadt-adventskalender.de\/rixdorf\/cs\/wp-json\/wp\/v2\/pages\/70\/revisions\/187"}],"wp:attachment":[{"href":"https:\/\/stadt-adventskalender.de\/rixdorf\/cs\/wp-json\/wp\/v2\/media?parent=70"}],"curies":[{"name":"wp","href":"https:\/\/api.w.org\/{rel}","templated":true}]}}